{"id":501,"date":"2022-05-17T15:31:21","date_gmt":"2022-05-17T13:31:21","guid":{"rendered":"https:\/\/www.outsourcing-iod.pl\/?page_id=501"},"modified":"2023-03-08T13:30:17","modified_gmt":"2023-03-08T12:30:17","slug":"czy-mozliwe-jest-zainstalowanie-monitoringu-wizyjnego-w-klasie-w-celu-zwiekszanie-bezpieczenstwa-dzieci","status":"publish","type":"page","link":"https:\/\/www.outsourcing-iod.pl\/index.php\/czy-mozliwe-jest-zainstalowanie-monitoringu-wizyjnego-w-klasie-w-celu-zwiekszanie-bezpieczenstwa-dzieci\/","title":{"rendered":"<h1>Czy mo\u017cliwe jest zainstalowanie monitoringu wizyjnego w klasie, w celu zwi\u0119kszanie bezpiecze\u0144stwa dzieci?<\/h1>"},"content":{"rendered":"<p align=\"justify\"><span style=\"font-family: Cambria, serif;\">&nbsp;&nbsp;&nbsp;&nbsp; Kwestie dotycz\u0105ce stosowania monitoringu wizyjnego w szkole zosta\u0142y uregulowane w ustawie z dnia 14 grudnia 2016 r. \u2013 Prawo o\u015bwiatowe (Dz. U. z 2021 r. poz. 1082). <\/span><\/p>\n<p align=\"justify\"><span style=\"font-family: Cambria, serif;\">&nbsp;&nbsp;&nbsp;&nbsp; Art. 108a ww. ustawy wymienia pomieszczenia szko\u0142y, w kt\u00f3rych co do zasady nie jest dopuszczane instalowanie monitoringu wizyjnego. Przepis wymienia nast\u0119puj\u0105ce pomieszczenia:<\/span><\/p>\n<p align=\"justify\"><span style=\"font-family: Cambria, serif;\">&#8211; <b>pomieszczenia, w kt\u00f3rych odbywaj\u0105 si\u0119 zaj\u0119cia dydaktyczne, wychowawcze i opieku\u0144cze<\/b>, <\/span><\/p>\n<p align=\"justify\"><span style=\"font-family: Cambria, serif;\">&#8211; pomieszczenia, w kt\u00f3rych uczniom udzielana jest pomoc psychologiczno-dydaktyczna, <\/span><\/p>\n<p align=\"justify\"><span style=\"font-family: Cambria, serif;\">&#8211; pomieszczenia przeznaczone do odpoczynku i rekreacji pracownik\u00f3w, <\/span><\/p>\n<p align=\"justify\"><span style=\"font-family: Cambria, serif;\">&#8211; pomieszczenia sanitarnohigieniczne, <\/span><\/p>\n<p align=\"justify\"><span style=\"font-family: Cambria, serif;\">&#8211; gabinet profilaktyki zdrowotnej, <\/span><\/p>\n<p align=\"justify\"><span style=\"font-family: Cambria, serif;\">&#8211; szatnie i przebieralnie. <\/span><\/p>\n<p align=\"justify\"><span style=\"font-family: Cambria, serif;\">&nbsp;&nbsp;&nbsp;&nbsp; Bior\u0105c od uwag\u0119 powy\u017csze, zakazane jest stosowanie monitoringu wizyjnego w klasach lekcyjnych. Co prawda zakaz ten nie ma charakteru bezwzgl\u0119dnego, gdy\u017c art. 108a ust. 3 cyt. ustawy dopuszcza bowiem instalowanie monitoring wizyjnego w pomieszczeniach, w kt\u00f3rych odbywaj\u0105 si\u0119 zaj\u0119cia dydaktyczne, wychowawcze i opieku\u0144cze (w tym, klasach lekcyjnych), je\u017celi spe\u0142nione s\u0105 jednocze\u015bnie nast\u0119puj\u0105ce warunki:<\/span><\/p>\n<ol>\n<li>\n<p align=\"justify\"><span style=\"font-family: Cambria, serif;\">stosowanie monitoringu w wymienionych pomieszczeniach jest niezb\u0119dne ze wzgl\u0119du na istniej\u0105ce zagro\u017cenie dla bezpiecze\u0144stwa uczni\u00f3w i pracownik\u00f3w lub ochrony mienia,<\/span><\/p>\n<\/li>\n<li>\n<p align=\"justify\"><span style=\"font-family: Cambria, serif;\">stosowanie monitoringu nie naruszy godno\u015bci oraz innych d\u00f3br osobistych uczni\u00f3w, pracownik\u00f3w i innych os\u00f3b, w szczeg\u00f3lno\u015bci zostan\u0105 zastosowane techniki uniemo\u017cliwiaj\u0105ce rozpoznawanie przebywaj\u0105cych w tych pomieszczeniach os\u00f3b.<\/span><\/p>\n<\/li>\n<\/ol>\n<p align=\"justify\"><span style=\"font-family: Cambria, serif;\">&nbsp;&nbsp;&nbsp;&nbsp; Tylko <u>spe\u0142nienie ww. warunk\u00f3w \u0142\u0105cznie pozwala na zastosowanie monitoringu wizyjnego w sali lekcyjnej<\/u>, zgodnie z art. 108a ustawy Prawo o\u015bwiatowe.&nbsp;&nbsp; <\/span><\/p>\n<p align=\"justify\"><span style=\"font-family: Cambria, serif;\"><b>&nbsp;&nbsp;&nbsp;&nbsp; Zwr\u00f3\u0107my jednak\u017ce szczeg\u00f3ln\u0105 uwag\u0119 na fakt, i\u017c monitoring nie mo\u017ce rejestrowa\u0107 wizerunku os\u00f3b oraz nie mo\u017ce umo\u017cliwi\u0107 identyfikacji. <\/b><\/span><span style=\"font-family: Cambria, serif;\">Zatem zastan\u00f3wmy si\u0119 czy monitoring wizyjny w sali lekcyjnej wp\u0142ynie na popraw\u0119 bezpiecze\u0144stwa. <\/span><\/p>\n<p style=\"text-align: right;\" align=\"justify\"><a href=\"https:\/\/www.outsourcing-iod.pl\/index.php\/sylwester-krawczyk\/\">Sylwester Krawczyk<\/a><br \/>\n<em>Inspektor Ochrony Danych<\/em><br \/>\n<em>Audytor wewn\u0119trzny ISO 27001<\/em><\/p>\n","protected":false},"excerpt":{"rendered":"<p>&nbsp;&nbsp;&nbsp;&nbsp; Kwestie dotycz\u0105ce stosowania monitoringu wizyjnego w szkole zosta\u0142y uregulowane w ustawie z dnia 14 grudnia 2016 r. \u2013 Prawo o\u015bwiatowe (Dz. U. z 2021 r. poz. 1082). &nbsp;&nbsp;&nbsp;&nbsp; Art. 108a ww. ustawy wymienia pomieszczenia szko\u0142y, w kt\u00f3rych co do zasady nie jest dopuszczane instalowanie monitoringu wizyjnego. Przepis wymienia nast\u0119puj\u0105ce pomieszczenia: &#8211; pomieszczenia, w kt\u00f3rych<a href=\"https:\/\/www.outsourcing-iod.pl\/index.php\/czy-mozliwe-jest-zainstalowanie-monitoringu-wizyjnego-w-klasie-w-celu-zwiekszanie-bezpieczenstwa-dzieci\/\">[&#8230;]<\/a><\/p>\n","protected":false},"author":1,"featured_media":0,"parent":0,"menu_order":0,"comment_status":"closed","ping_status":"closed","template":"","meta":[],"categories":[],"tags":[28,26,27],"yoast_head":"<!-- This site is optimized with the Yoast SEO plugin v20.2.1 - https:\/\/yoast.com\/wordpress\/plugins\/seo\/ -->\n<title>Czy mo\u017cliwe jest zainstalowanie monitoringu wizyjnego w klasie, w celu zwi\u0119kszanie bezpiecze\u0144stwa dzieci?<\/title>\n<meta name=\"description\" content=\"Czy mo\u017cliwe jest zainstalowanie monitoringu wizyjnego w klasie, w celu zwi\u0119kszanie bezpiecze\u0144stwa dzieci? - zapraszamy do lektury\" \/>\n<meta name=\"robots\" content=\"index, follow, max-snippet:-1, max-image-preview:large, max-video-preview:-1\" \/>\n<link rel=\"canonical\" href=\"https:\/\/www.outsourcing-iod.pl\/index.php\/czy-mozliwe-jest-zainstalowanie-monitoringu-wizyjnego-w-klasie-w-celu-zwiekszanie-bezpieczenstwa-dzieci\/\" \/>\n<meta property=\"og:locale\" content=\"pl_PL\" \/>\n<meta property=\"og:type\" content=\"article\" \/>\n<meta property=\"og:title\" content=\"Czy mo\u017cliwe jest zainstalowanie monitoringu wizyjnego w klasie, w celu zwi\u0119kszanie bezpiecze\u0144stwa dzieci?\" \/>\n<meta property=\"og:description\" content=\"Czy mo\u017cliwe jest zainstalowanie monitoringu wizyjnego w klasie, w celu zwi\u0119kszanie bezpiecze\u0144stwa dzieci? - zapraszamy do lektury\" \/>\n<meta property=\"og:url\" content=\"https:\/\/www.outsourcing-iod.pl\/index.php\/czy-mozliwe-jest-zainstalowanie-monitoringu-wizyjnego-w-klasie-w-celu-zwiekszanie-bezpieczenstwa-dzieci\/\" \/>\n<meta property=\"og:site_name\" content=\"Outsourcing IOD Inspektor Ochrony Danych\" \/>\n<meta property=\"article:publisher\" content=\"https:\/\/www.facebook.com\/firma.nformatyczna\" \/>\n<meta property=\"article:modified_time\" content=\"2023-03-08T12:30:17+00:00\" \/>\n<meta name=\"twitter:card\" content=\"summary_large_image\" \/>\n<meta name=\"twitter:label1\" content=\"Szacowany czas czytania\" \/>\n\t<meta name=\"twitter:data1\" content=\"2 minuty\" \/>\n<script type=\"application\/ld+json\" class=\"yoast-schema-graph\">{\"@context\":\"https:\/\/schema.org\",\"@graph\":[{\"@type\":\"WebPage\",\"@id\":\"https:\/\/www.outsourcing-iod.pl\/index.php\/czy-mozliwe-jest-zainstalowanie-monitoringu-wizyjnego-w-klasie-w-celu-zwiekszanie-bezpieczenstwa-dzieci\/\",\"url\":\"https:\/\/www.outsourcing-iod.pl\/index.php\/czy-mozliwe-jest-zainstalowanie-monitoringu-wizyjnego-w-klasie-w-celu-zwiekszanie-bezpieczenstwa-dzieci\/\",\"name\":\"Czy mo\u017cliwe jest zainstalowanie monitoringu wizyjnego w klasie, w celu zwi\u0119kszanie bezpiecze\u0144stwa dzieci?\",\"isPartOf\":{\"@id\":\"https:\/\/www.outsourcing-iod.pl\/#website\"},\"datePublished\":\"2022-05-17T13:31:21+00:00\",\"dateModified\":\"2023-03-08T12:30:17+00:00\",\"description\":\"Czy mo\u017cliwe jest zainstalowanie monitoringu wizyjnego w klasie, w celu zwi\u0119kszanie bezpiecze\u0144stwa dzieci? - zapraszamy do lektury\",\"breadcrumb\":{\"@id\":\"https:\/\/www.outsourcing-iod.pl\/index.php\/czy-mozliwe-jest-zainstalowanie-monitoringu-wizyjnego-w-klasie-w-celu-zwiekszanie-bezpieczenstwa-dzieci\/#breadcrumb\"},\"inLanguage\":\"pl-PL\",\"potentialAction\":[{\"@type\":\"ReadAction\",\"target\":[\"https:\/\/www.outsourcing-iod.pl\/index.php\/czy-mozliwe-jest-zainstalowanie-monitoringu-wizyjnego-w-klasie-w-celu-zwiekszanie-bezpieczenstwa-dzieci\/\"]}]},{\"@type\":\"BreadcrumbList\",\"@id\":\"https:\/\/www.outsourcing-iod.pl\/index.php\/czy-mozliwe-jest-zainstalowanie-monitoringu-wizyjnego-w-klasie-w-celu-zwiekszanie-bezpieczenstwa-dzieci\/#breadcrumb\",\"itemListElement\":[{\"@type\":\"ListItem\",\"position\":1,\"name\":\"Strona g\u0142\u00f3wna\",\"item\":\"https:\/\/www.outsourcing-iod.pl\/\"},{\"@type\":\"ListItem\",\"position\":2,\"name\":\"Czy mo\u017cliwe jest zainstalowanie monitoringu wizyjnego w klasie, w celu zwi\u0119kszanie bezpiecze\u0144stwa dzieci?\"}]},{\"@type\":\"WebSite\",\"@id\":\"https:\/\/www.outsourcing-iod.pl\/#website\",\"url\":\"https:\/\/www.outsourcing-iod.pl\/\",\"name\":\"Outsourcing IOD Inspektor Ochrony Danych\",\"description\":\"Pe\u0142nimy zewn\u0119trzn\u0105 funkcj\u0119 inspektora ochrony danych\",\"publisher\":{\"@id\":\"https:\/\/www.outsourcing-iod.pl\/#organization\"},\"potentialAction\":[{\"@type\":\"SearchAction\",\"target\":{\"@type\":\"EntryPoint\",\"urlTemplate\":\"https:\/\/www.outsourcing-iod.pl\/?s={search_term_string}\"},\"query-input\":\"required name=search_term_string\"}],\"inLanguage\":\"pl-PL\"},{\"@type\":\"Organization\",\"@id\":\"https:\/\/www.outsourcing-iod.pl\/#organization\",\"name\":\"Outsourcing IOD Inspektor Ochrony Danych\",\"url\":\"https:\/\/www.outsourcing-iod.pl\/\",\"logo\":{\"@type\":\"ImageObject\",\"inLanguage\":\"pl-PL\",\"@id\":\"https:\/\/www.outsourcing-iod.pl\/#\/schema\/logo\/image\/\",\"url\":\"https:\/\/www.outsourcing-iod.pl\/wp-content\/uploads\/2023\/03\/logo.png\",\"contentUrl\":\"https:\/\/www.outsourcing-iod.pl\/wp-content\/uploads\/2023\/03\/logo.png\",\"width\":300,\"height\":200,\"caption\":\"Outsourcing IOD Inspektor Ochrony Danych\"},\"image\":{\"@id\":\"https:\/\/www.outsourcing-iod.pl\/#\/schema\/logo\/image\/\"},\"sameAs\":[\"https:\/\/www.facebook.com\/firma.nformatyczna\"]}]}<\/script>\n<!-- \/ Yoast SEO plugin. -->","yoast_head_json":{"title":"Czy mo\u017cliwe jest zainstalowanie monitoringu wizyjnego w klasie, w celu zwi\u0119kszanie bezpiecze\u0144stwa dzieci?","description":"Czy mo\u017cliwe jest zainstalowanie monitoringu wizyjnego w klasie, w celu zwi\u0119kszanie bezpiecze\u0144stwa dzieci? - zapraszamy do lektury","robots":{"index":"index","follow":"follow","max-snippet":"max-snippet:-1","max-image-preview":"max-image-preview:large","max-video-preview":"max-video-preview:-1"},"canonical":"https:\/\/www.outsourcing-iod.pl\/index.php\/czy-mozliwe-jest-zainstalowanie-monitoringu-wizyjnego-w-klasie-w-celu-zwiekszanie-bezpieczenstwa-dzieci\/","og_locale":"pl_PL","og_type":"article","og_title":"Czy mo\u017cliwe jest zainstalowanie monitoringu wizyjnego w klasie, w celu zwi\u0119kszanie bezpiecze\u0144stwa dzieci?","og_description":"Czy mo\u017cliwe jest zainstalowanie monitoringu wizyjnego w klasie, w celu zwi\u0119kszanie bezpiecze\u0144stwa dzieci? - zapraszamy do lektury","og_url":"https:\/\/www.outsourcing-iod.pl\/index.php\/czy-mozliwe-jest-zainstalowanie-monitoringu-wizyjnego-w-klasie-w-celu-zwiekszanie-bezpieczenstwa-dzieci\/","og_site_name":"Outsourcing IOD Inspektor Ochrony Danych","article_publisher":"https:\/\/www.facebook.com\/firma.nformatyczna","article_modified_time":"2023-03-08T12:30:17+00:00","twitter_card":"summary_large_image","twitter_misc":{"Szacowany czas czytania":"2 minuty"},"schema":{"@context":"https:\/\/schema.org","@graph":[{"@type":"WebPage","@id":"https:\/\/www.outsourcing-iod.pl\/index.php\/czy-mozliwe-jest-zainstalowanie-monitoringu-wizyjnego-w-klasie-w-celu-zwiekszanie-bezpieczenstwa-dzieci\/","url":"https:\/\/www.outsourcing-iod.pl\/index.php\/czy-mozliwe-jest-zainstalowanie-monitoringu-wizyjnego-w-klasie-w-celu-zwiekszanie-bezpieczenstwa-dzieci\/","name":"Czy mo\u017cliwe jest zainstalowanie monitoringu wizyjnego w klasie, w celu zwi\u0119kszanie bezpiecze\u0144stwa dzieci?","isPartOf":{"@id":"https:\/\/www.outsourcing-iod.pl\/#website"},"datePublished":"2022-05-17T13:31:21+00:00","dateModified":"2023-03-08T12:30:17+00:00","description":"Czy mo\u017cliwe jest zainstalowanie monitoringu wizyjnego w klasie, w celu zwi\u0119kszanie bezpiecze\u0144stwa dzieci? - zapraszamy do lektury","breadcrumb":{"@id":"https:\/\/www.outsourcing-iod.pl\/index.php\/czy-mozliwe-jest-zainstalowanie-monitoringu-wizyjnego-w-klasie-w-celu-zwiekszanie-bezpieczenstwa-dzieci\/#breadcrumb"},"inLanguage":"pl-PL","potentialAction":[{"@type":"ReadAction","target":["https:\/\/www.outsourcing-iod.pl\/index.php\/czy-mozliwe-jest-zainstalowanie-monitoringu-wizyjnego-w-klasie-w-celu-zwiekszanie-bezpieczenstwa-dzieci\/"]}]},{"@type":"BreadcrumbList","@id":"https:\/\/www.outsourcing-iod.pl\/index.php\/czy-mozliwe-jest-zainstalowanie-monitoringu-wizyjnego-w-klasie-w-celu-zwiekszanie-bezpieczenstwa-dzieci\/#breadcrumb","itemListElement":[{"@type":"ListItem","position":1,"name":"Strona g\u0142\u00f3wna","item":"https:\/\/www.outsourcing-iod.pl\/"},{"@type":"ListItem","position":2,"name":"Czy mo\u017cliwe jest zainstalowanie monitoringu wizyjnego w klasie, w celu zwi\u0119kszanie bezpiecze\u0144stwa dzieci?"}]},{"@type":"WebSite","@id":"https:\/\/www.outsourcing-iod.pl\/#website","url":"https:\/\/www.outsourcing-iod.pl\/","name":"Outsourcing IOD Inspektor Ochrony Danych","description":"Pe\u0142nimy zewn\u0119trzn\u0105 funkcj\u0119 inspektora ochrony danych","publisher":{"@id":"https:\/\/www.outsourcing-iod.pl\/#organization"},"potentialAction":[{"@type":"SearchAction","target":{"@type":"EntryPoint","urlTemplate":"https:\/\/www.outsourcing-iod.pl\/?s={search_term_string}"},"query-input":"required name=search_term_string"}],"inLanguage":"pl-PL"},{"@type":"Organization","@id":"https:\/\/www.outsourcing-iod.pl\/#organization","name":"Outsourcing IOD Inspektor Ochrony Danych","url":"https:\/\/www.outsourcing-iod.pl\/","logo":{"@type":"ImageObject","inLanguage":"pl-PL","@id":"https:\/\/www.outsourcing-iod.pl\/#\/schema\/logo\/image\/","url":"https:\/\/www.outsourcing-iod.pl\/wp-content\/uploads\/2023\/03\/logo.png","contentUrl":"https:\/\/www.outsourcing-iod.pl\/wp-content\/uploads\/2023\/03\/logo.png","width":300,"height":200,"caption":"Outsourcing IOD Inspektor Ochrony Danych"},"image":{"@id":"https:\/\/www.outsourcing-iod.pl\/#\/schema\/logo\/image\/"},"sameAs":["https:\/\/www.facebook.com\/firma.nformatyczna"]}]}},"_links":{"self":[{"href":"https:\/\/www.outsourcing-iod.pl\/index.php\/wp-json\/wp\/v2\/pages\/501"}],"collection":[{"href":"https:\/\/www.outsourcing-iod.pl\/index.php\/wp-json\/wp\/v2\/pages"}],"about":[{"href":"https:\/\/www.outsourcing-iod.pl\/index.php\/wp-json\/wp\/v2\/types\/page"}],"author":[{"embeddable":true,"href":"https:\/\/www.outsourcing-iod.pl\/index.php\/wp-json\/wp\/v2\/users\/1"}],"replies":[{"embeddable":true,"href":"https:\/\/www.outsourcing-iod.pl\/index.php\/wp-json\/wp\/v2\/comments?post=501"}],"version-history":[{"count":9,"href":"https:\/\/www.outsourcing-iod.pl\/index.php\/wp-json\/wp\/v2\/pages\/501\/revisions"}],"predecessor-version":[{"id":702,"href":"https:\/\/www.outsourcing-iod.pl\/index.php\/wp-json\/wp\/v2\/pages\/501\/revisions\/702"}],"wp:attachment":[{"href":"https:\/\/www.outsourcing-iod.pl\/index.php\/wp-json\/wp\/v2\/media?parent=501"}],"wp:term":[{"taxonomy":"category","embeddable":true,"href":"https:\/\/www.outsourcing-iod.pl\/index.php\/wp-json\/wp\/v2\/categories?post=501"},{"taxonomy":"post_tag","embeddable":true,"href":"https:\/\/www.outsourcing-iod.pl\/index.php\/wp-json\/wp\/v2\/tags?post=501"}],"curies":[{"name":"wp","href":"https:\/\/api.w.org\/{rel}","templated":true}]}}