{"id":726,"date":"2023-05-08T14:10:13","date_gmt":"2023-05-08T12:10:13","guid":{"rendered":"https:\/\/www.outsourcing-iod.pl\/?page_id=726"},"modified":"2023-05-08T14:11:03","modified_gmt":"2023-05-08T12:11:03","slug":"czy-orzeczenie-o-niepelnosprawnosci-pracownika-mozna-przechowywac-w-aktach-osobowych","status":"publish","type":"page","link":"https:\/\/www.outsourcing-iod.pl\/index.php\/czy-orzeczenie-o-niepelnosprawnosci-pracownika-mozna-przechowywac-w-aktach-osobowych\/","title":{"rendered":"<h1>Czy orzeczenie o niepe\u0142nosprawno\u015bci pracownika mo\u017cna przechowywa\u0107 w aktach osobowych?<\/h1>"},"content":{"rendered":"\n<p>Przed\u0142o\u017cenie przez pracownika orzeczenia o niepe\u0142nosprawno\u015bci, stwarza mu mo\u017cliwo\u015b\u0107 skorzystania z szeregu uprawnie\u0144, przewidzianych przepisami prawa, np. dodatkowego urlopu wypoczynkowego. R\u00f3wnie\u017c po stronie pracodawcy, z tytu\u0142u zatrudnienia osoby niepe\u0142nosprawnej, pojawiaj\u0105 si\u0119 pewne uprawnienia, a tak\u017ce obowi\u0105zki. Rozporz\u0105dzenie ministra rodziny, pracy i\u00a0polityki spo\u0142ecznej w\u00a0sprawie dokumentacji pracowniczej z dnia 10 grudnia 2018 r. nie wskazuje wprost, czy i w jakiej cz\u0119\u015bci akt osobowych, mo\u017cna przechowywa\u0107 orzeczenie o niepe\u0142nosprawno\u015bci pracownika, niemniej wskazuje, \u017ce katalog o\u015bwiadcze\u0144 lub dokument\u00f3w gromadzonych w\u00a0cz\u0119\u015bci B\u00a0akt osobowych nie jest zamkni\u0119ty i w\u0142a\u015bciwym jest przechowywanie wszelakich dokument\u00f3w, kt\u00f3rych podstaw\u0119 prawn\u0105 pozyskania stanowi Kodeks pracy lub inne przepisy. W analizowanej sytuacji, takie podstawy prawne istniej\u0105. Mowa tutaj o art. 22<sup>1<\/sup> \u00a7 4 ustawy z dnia 26 czerwca 1974 r. &#8211; Kodeks pracy, kt\u00f3ry stanowi, \u017ce pracodawca \u017c\u0105da od osoby ubiegaj\u0105cej si\u0119 o zatrudnienie\/pracownika podania innych danych osobowych ni\u017c okre\u015blone w\u00a0\u00a7 1\u00a0i 3, gdy jest to niezb\u0119dne do realizacji uprawnienia lub spe\u0142nienia obowi\u0105zku, wynikaj\u0105cego z\u00a0przepisu prawa. Oczywistym jest, \u017ce bez potwierdzenia niepe\u0142nosprawno\u015bci pracownika, pracodawca nie b\u0119dzie m\u00f3g\u0142 umo\u017cliwi\u0107 mu skorzystania z przewidzianych ulg i uprawnie\u0144. Co wi\u0119cej podstaw\u0119 do przetwarzania danych, zawartych w orzeczeniu przedstawionym przez pracownika, znajdziemy w art. 2\u00a0b ust. 1\u00a0ustawy o\u00a0rehabilitacji zawodowej i\u00a0spo\u0142ecznej oraz zatrudnianiu os\u00f3b niepe\u0142nosprawnych z dnia 27 sierpnia 1997 r. Przepis ten stanowi, \u017ce w\u00a0zwi\u0105zku z\u00a0realizacj\u0105 uprawnie\u0144, przys\u0142uguj\u0105cych pracownikowi z\u00a0tytu\u0142u niepe\u0142nosprawno\u015bci, pracodawca mo\u017ce przetwarza\u0107 dane dotycz\u0105ce jego stanu zdrowia, w\u00a0tym informacje o\u00a0niepe\u0142nosprawno\u015bci. W zwi\u0105zku z powy\u017cszym, za w\u0142a\u015bciwe nale\u017cy uzna\u0107 przechowywanie kopi orzeczenia o niepe\u0142nosprawno\u015bci pracownika w cz\u0119\u015bci B jego akt osobowych. Nale\u017cy jednak zawsze mie\u0107 na uwadze, \u017ce zgodnie z art. 2b ust. 2 powy\u017cej przywo\u0142anej ustawy, przedstawienie pracodawcy dokument\u00f3w, potwierdzaj\u0105cych dane osobowe o stanie zdrowia, pozostaje<strong> dobrowolne<\/strong>.<\/p>\n","protected":false},"excerpt":{"rendered":"<p>Przed\u0142o\u017cenie przez pracownika orzeczenia o niepe\u0142nosprawno\u015bci, stwarza mu mo\u017cliwo\u015b\u0107 skorzystania z szeregu uprawnie\u0144, przewidzianych przepisami prawa, np. dodatkowego urlopu wypoczynkowego. R\u00f3wnie\u017c po stronie pracodawcy, z tytu\u0142u zatrudnienia osoby niepe\u0142nosprawnej, pojawiaj\u0105 si\u0119 pewne uprawnienia, a tak\u017ce obowi\u0105zki. Rozporz\u0105dzenie ministra rodziny, pracy i\u00a0polityki spo\u0142ecznej w\u00a0sprawie dokumentacji pracowniczej z dnia 10 grudnia 2018 r. nie wskazuje wprost, czy<a href=\"https:\/\/www.outsourcing-iod.pl\/index.php\/czy-orzeczenie-o-niepelnosprawnosci-pracownika-mozna-przechowywac-w-aktach-osobowych\/\">[&#8230;]<\/a><\/p>\n","protected":false},"author":1,"featured_media":0,"parent":0,"menu_order":0,"comment_status":"closed","ping_status":"closed","template":"","meta":[],"categories":[],"tags":[],"yoast_head":"<!-- This site is optimized with the Yoast SEO plugin v20.2.1 - https:\/\/yoast.com\/wordpress\/plugins\/seo\/ -->\n<title>Czy orzeczenie o niepe\u0142nosprawno\u015bci pracownika mo\u017cna przechowywa\u0107 w aktach osobowych?<\/title>\n<meta name=\"description\" content=\"Czy orzeczenie o niepe\u0142nosprawno\u015bci pracownika mo\u017cna przechowywa\u0107 w aktach osobowych? - zapraszamy do zapoznania si\u0119\u00a0z odpowiedzi\u0105.\" \/>\n<meta name=\"robots\" content=\"index, follow, max-snippet:-1, max-image-preview:large, max-video-preview:-1\" \/>\n<link rel=\"canonical\" href=\"https:\/\/www.outsourcing-iod.pl\/index.php\/czy-orzeczenie-o-niepelnosprawnosci-pracownika-mozna-przechowywac-w-aktach-osobowych\/\" \/>\n<meta property=\"og:locale\" content=\"pl_PL\" \/>\n<meta property=\"og:type\" content=\"article\" \/>\n<meta property=\"og:title\" content=\"Czy orzeczenie o niepe\u0142nosprawno\u015bci pracownika mo\u017cna przechowywa\u0107 w aktach osobowych?\" \/>\n<meta property=\"og:description\" content=\"Czy orzeczenie o niepe\u0142nosprawno\u015bci pracownika mo\u017cna przechowywa\u0107 w aktach osobowych? - zapraszamy do zapoznania si\u0119\u00a0z odpowiedzi\u0105.\" \/>\n<meta property=\"og:url\" content=\"https:\/\/www.outsourcing-iod.pl\/index.php\/czy-orzeczenie-o-niepelnosprawnosci-pracownika-mozna-przechowywac-w-aktach-osobowych\/\" \/>\n<meta property=\"og:site_name\" content=\"Outsourcing IOD Inspektor Ochrony Danych\" \/>\n<meta property=\"article:publisher\" content=\"https:\/\/www.facebook.com\/firma.nformatyczna\" \/>\n<meta property=\"article:modified_time\" content=\"2023-05-08T12:11:03+00:00\" \/>\n<meta name=\"twitter:card\" content=\"summary_large_image\" \/>\n<meta name=\"twitter:label1\" content=\"Szacowany czas czytania\" \/>\n\t<meta name=\"twitter:data1\" content=\"2 minuty\" \/>\n<script type=\"application\/ld+json\" class=\"yoast-schema-graph\">{\"@context\":\"https:\/\/schema.org\",\"@graph\":[{\"@type\":\"WebPage\",\"@id\":\"https:\/\/www.outsourcing-iod.pl\/index.php\/czy-orzeczenie-o-niepelnosprawnosci-pracownika-mozna-przechowywac-w-aktach-osobowych\/\",\"url\":\"https:\/\/www.outsourcing-iod.pl\/index.php\/czy-orzeczenie-o-niepelnosprawnosci-pracownika-mozna-przechowywac-w-aktach-osobowych\/\",\"name\":\"Czy orzeczenie o niepe\u0142nosprawno\u015bci pracownika mo\u017cna przechowywa\u0107 w aktach osobowych?\",\"isPartOf\":{\"@id\":\"https:\/\/www.outsourcing-iod.pl\/#website\"},\"datePublished\":\"2023-05-08T12:10:13+00:00\",\"dateModified\":\"2023-05-08T12:11:03+00:00\",\"description\":\"Czy orzeczenie o niepe\u0142nosprawno\u015bci pracownika mo\u017cna przechowywa\u0107 w aktach osobowych? - zapraszamy do zapoznania si\u0119\u00a0z odpowiedzi\u0105.\",\"breadcrumb\":{\"@id\":\"https:\/\/www.outsourcing-iod.pl\/index.php\/czy-orzeczenie-o-niepelnosprawnosci-pracownika-mozna-przechowywac-w-aktach-osobowych\/#breadcrumb\"},\"inLanguage\":\"pl-PL\",\"potentialAction\":[{\"@type\":\"ReadAction\",\"target\":[\"https:\/\/www.outsourcing-iod.pl\/index.php\/czy-orzeczenie-o-niepelnosprawnosci-pracownika-mozna-przechowywac-w-aktach-osobowych\/\"]}]},{\"@type\":\"BreadcrumbList\",\"@id\":\"https:\/\/www.outsourcing-iod.pl\/index.php\/czy-orzeczenie-o-niepelnosprawnosci-pracownika-mozna-przechowywac-w-aktach-osobowych\/#breadcrumb\",\"itemListElement\":[{\"@type\":\"ListItem\",\"position\":1,\"name\":\"Strona g\u0142\u00f3wna\",\"item\":\"https:\/\/www.outsourcing-iod.pl\/\"},{\"@type\":\"ListItem\",\"position\":2,\"name\":\"Czy orzeczenie o niepe\u0142nosprawno\u015bci pracownika mo\u017cna przechowywa\u0107 w aktach osobowych?\"}]},{\"@type\":\"WebSite\",\"@id\":\"https:\/\/www.outsourcing-iod.pl\/#website\",\"url\":\"https:\/\/www.outsourcing-iod.pl\/\",\"name\":\"Outsourcing IOD Inspektor Ochrony Danych\",\"description\":\"Pe\u0142nimy zewn\u0119trzn\u0105 funkcj\u0119 inspektora ochrony danych\",\"publisher\":{\"@id\":\"https:\/\/www.outsourcing-iod.pl\/#organization\"},\"potentialAction\":[{\"@type\":\"SearchAction\",\"target\":{\"@type\":\"EntryPoint\",\"urlTemplate\":\"https:\/\/www.outsourcing-iod.pl\/?s={search_term_string}\"},\"query-input\":\"required name=search_term_string\"}],\"inLanguage\":\"pl-PL\"},{\"@type\":\"Organization\",\"@id\":\"https:\/\/www.outsourcing-iod.pl\/#organization\",\"name\":\"Outsourcing IOD Inspektor Ochrony Danych\",\"url\":\"https:\/\/www.outsourcing-iod.pl\/\",\"logo\":{\"@type\":\"ImageObject\",\"inLanguage\":\"pl-PL\",\"@id\":\"https:\/\/www.outsourcing-iod.pl\/#\/schema\/logo\/image\/\",\"url\":\"https:\/\/www.outsourcing-iod.pl\/wp-content\/uploads\/2023\/03\/logo.png\",\"contentUrl\":\"https:\/\/www.outsourcing-iod.pl\/wp-content\/uploads\/2023\/03\/logo.png\",\"width\":300,\"height\":200,\"caption\":\"Outsourcing IOD Inspektor Ochrony Danych\"},\"image\":{\"@id\":\"https:\/\/www.outsourcing-iod.pl\/#\/schema\/logo\/image\/\"},\"sameAs\":[\"https:\/\/www.facebook.com\/firma.nformatyczna\"]}]}<\/script>\n<!-- \/ Yoast SEO plugin. -->","yoast_head_json":{"title":"Czy orzeczenie o niepe\u0142nosprawno\u015bci pracownika mo\u017cna przechowywa\u0107 w aktach osobowych?","description":"Czy orzeczenie o niepe\u0142nosprawno\u015bci pracownika mo\u017cna przechowywa\u0107 w aktach osobowych? - zapraszamy do zapoznania si\u0119\u00a0z odpowiedzi\u0105.","robots":{"index":"index","follow":"follow","max-snippet":"max-snippet:-1","max-image-preview":"max-image-preview:large","max-video-preview":"max-video-preview:-1"},"canonical":"https:\/\/www.outsourcing-iod.pl\/index.php\/czy-orzeczenie-o-niepelnosprawnosci-pracownika-mozna-przechowywac-w-aktach-osobowych\/","og_locale":"pl_PL","og_type":"article","og_title":"Czy orzeczenie o niepe\u0142nosprawno\u015bci pracownika mo\u017cna przechowywa\u0107 w aktach osobowych?","og_description":"Czy orzeczenie o niepe\u0142nosprawno\u015bci pracownika mo\u017cna przechowywa\u0107 w aktach osobowych? - zapraszamy do zapoznania si\u0119\u00a0z odpowiedzi\u0105.","og_url":"https:\/\/www.outsourcing-iod.pl\/index.php\/czy-orzeczenie-o-niepelnosprawnosci-pracownika-mozna-przechowywac-w-aktach-osobowych\/","og_site_name":"Outsourcing IOD Inspektor Ochrony Danych","article_publisher":"https:\/\/www.facebook.com\/firma.nformatyczna","article_modified_time":"2023-05-08T12:11:03+00:00","twitter_card":"summary_large_image","twitter_misc":{"Szacowany czas czytania":"2 minuty"},"schema":{"@context":"https:\/\/schema.org","@graph":[{"@type":"WebPage","@id":"https:\/\/www.outsourcing-iod.pl\/index.php\/czy-orzeczenie-o-niepelnosprawnosci-pracownika-mozna-przechowywac-w-aktach-osobowych\/","url":"https:\/\/www.outsourcing-iod.pl\/index.php\/czy-orzeczenie-o-niepelnosprawnosci-pracownika-mozna-przechowywac-w-aktach-osobowych\/","name":"Czy orzeczenie o niepe\u0142nosprawno\u015bci pracownika mo\u017cna przechowywa\u0107 w aktach osobowych?","isPartOf":{"@id":"https:\/\/www.outsourcing-iod.pl\/#website"},"datePublished":"2023-05-08T12:10:13+00:00","dateModified":"2023-05-08T12:11:03+00:00","description":"Czy orzeczenie o niepe\u0142nosprawno\u015bci pracownika mo\u017cna przechowywa\u0107 w aktach osobowych? - zapraszamy do zapoznania si\u0119\u00a0z odpowiedzi\u0105.","breadcrumb":{"@id":"https:\/\/www.outsourcing-iod.pl\/index.php\/czy-orzeczenie-o-niepelnosprawnosci-pracownika-mozna-przechowywac-w-aktach-osobowych\/#breadcrumb"},"inLanguage":"pl-PL","potentialAction":[{"@type":"ReadAction","target":["https:\/\/www.outsourcing-iod.pl\/index.php\/czy-orzeczenie-o-niepelnosprawnosci-pracownika-mozna-przechowywac-w-aktach-osobowych\/"]}]},{"@type":"BreadcrumbList","@id":"https:\/\/www.outsourcing-iod.pl\/index.php\/czy-orzeczenie-o-niepelnosprawnosci-pracownika-mozna-przechowywac-w-aktach-osobowych\/#breadcrumb","itemListElement":[{"@type":"ListItem","position":1,"name":"Strona g\u0142\u00f3wna","item":"https:\/\/www.outsourcing-iod.pl\/"},{"@type":"ListItem","position":2,"name":"Czy orzeczenie o niepe\u0142nosprawno\u015bci pracownika mo\u017cna przechowywa\u0107 w aktach osobowych?"}]},{"@type":"WebSite","@id":"https:\/\/www.outsourcing-iod.pl\/#website","url":"https:\/\/www.outsourcing-iod.pl\/","name":"Outsourcing IOD Inspektor Ochrony Danych","description":"Pe\u0142nimy zewn\u0119trzn\u0105 funkcj\u0119 inspektora ochrony danych","publisher":{"@id":"https:\/\/www.outsourcing-iod.pl\/#organization"},"potentialAction":[{"@type":"SearchAction","target":{"@type":"EntryPoint","urlTemplate":"https:\/\/www.outsourcing-iod.pl\/?s={search_term_string}"},"query-input":"required name=search_term_string"}],"inLanguage":"pl-PL"},{"@type":"Organization","@id":"https:\/\/www.outsourcing-iod.pl\/#organization","name":"Outsourcing IOD Inspektor Ochrony Danych","url":"https:\/\/www.outsourcing-iod.pl\/","logo":{"@type":"ImageObject","inLanguage":"pl-PL","@id":"https:\/\/www.outsourcing-iod.pl\/#\/schema\/logo\/image\/","url":"https:\/\/www.outsourcing-iod.pl\/wp-content\/uploads\/2023\/03\/logo.png","contentUrl":"https:\/\/www.outsourcing-iod.pl\/wp-content\/uploads\/2023\/03\/logo.png","width":300,"height":200,"caption":"Outsourcing IOD Inspektor Ochrony Danych"},"image":{"@id":"https:\/\/www.outsourcing-iod.pl\/#\/schema\/logo\/image\/"},"sameAs":["https:\/\/www.facebook.com\/firma.nformatyczna"]}]}},"_links":{"self":[{"href":"https:\/\/www.outsourcing-iod.pl\/index.php\/wp-json\/wp\/v2\/pages\/726"}],"collection":[{"href":"https:\/\/www.outsourcing-iod.pl\/index.php\/wp-json\/wp\/v2\/pages"}],"about":[{"href":"https:\/\/www.outsourcing-iod.pl\/index.php\/wp-json\/wp\/v2\/types\/page"}],"author":[{"embeddable":true,"href":"https:\/\/www.outsourcing-iod.pl\/index.php\/wp-json\/wp\/v2\/users\/1"}],"replies":[{"embeddable":true,"href":"https:\/\/www.outsourcing-iod.pl\/index.php\/wp-json\/wp\/v2\/comments?post=726"}],"version-history":[{"count":2,"href":"https:\/\/www.outsourcing-iod.pl\/index.php\/wp-json\/wp\/v2\/pages\/726\/revisions"}],"predecessor-version":[{"id":728,"href":"https:\/\/www.outsourcing-iod.pl\/index.php\/wp-json\/wp\/v2\/pages\/726\/revisions\/728"}],"wp:attachment":[{"href":"https:\/\/www.outsourcing-iod.pl\/index.php\/wp-json\/wp\/v2\/media?parent=726"}],"wp:term":[{"taxonomy":"category","embeddable":true,"href":"https:\/\/www.outsourcing-iod.pl\/index.php\/wp-json\/wp\/v2\/categories?post=726"},{"taxonomy":"post_tag","embeddable":true,"href":"https:\/\/www.outsourcing-iod.pl\/index.php\/wp-json\/wp\/v2\/tags?post=726"}],"curies":[{"name":"wp","href":"https:\/\/api.w.org\/{rel}","templated":true}]}}